{"id":22,"date":"2019-07-20T18:24:34","date_gmt":"2019-07-20T15:24:34","guid":{"rendered":"http:\/\/www.sackaynak.co\/?page_id=22"},"modified":"2019-07-20T18:24:34","modified_gmt":"2019-07-20T15:24:34","slug":"hakkimizda","status":"publish","type":"page","link":"http:\/\/www.sackaynak.co\/index.php\/hakkimizda\/","title":{"rendered":"Hakk\u0131m\u0131zda"},"content":{"rendered":"\n<p><strong><a href=\"https:\/\/web.archive.org\/web\/20180829190546\/http:\/\/www.sackaynak.co\/wp-content\/uploads\/2010\/08\/SachHairExtension.jpg\" rel=\"wp-prettyPhoto[22]\"><\/a><\/strong><\/p>\n\n\n\n<p><strong>Sach \u00ae&nbsp; Sa\u00e7 Kaynak Merkezi,<\/strong><\/p>\n\n\n\n<p>Kurucusu ve Y\u00f6neticisi <strong>Kuaf\u00f6r<\/strong> <strong>Murat KOLUKIRIK<\/strong> taraf\u0131ndan 1990 Y\u0131l\u0131n\u0131n Haziran 5 inde Bak\u0131rk\u00f6y Kartaltepe kuruldu. <strong>Sa\u00e7 Kaynak<\/strong> hizmetlerinin yan\u0131 s\u0131ra <strong>Kuaf\u00f6r<\/strong> hizmetleri.<\/p>\n\n\n\n<p>\u0130lk olarak 1996 Y\u0131l\u0131nda Amerika n\u0131n Washington Eyaletinde o y\u0131l yap\u0131lm\u0131\u015f olan&nbsp; <strong>Hair Word 96 <\/strong>D\u00fcnya <strong>kuaf\u00f6r<\/strong>leri zirvesinde Uzun zamandan beri yapm\u0131\u015f oldu\u011fu silikon kaynak teknolojisini b\u0131rakarak. Yeni ve teknolojik <strong>sa\u00e7 kayna\u011f\u0131 <\/strong>sistemlerine ilk o y\u0131l terfi etmi\u015ftir.<\/p>\n\n\n\n<p>O y\u0131l de\u011fi\u015fimin ba\u015flang\u0131c\u0131 olmu\u015ftur <strong>Murat Koluk\u0131r\u0131k<\/strong> ve Ekibi i\u00e7in. <strong>Sa\u00e7 kayna\u011f\u0131<\/strong>\n teknolojisinin yan\u0131nda farkl\u0131 sistemlerini de beraberinde getirmi\u015f ve \n\u00f6nc\u00fcl\u00fck etmi\u015ftir. \u0130lk o y\u0131l Hollywood y\u0131ld\u0131zlar\u0131n\u0131n kullanm\u0131\u015f oldu\u011fu \nsistemleri T\u00fcrkiye\u2019ye getirerek. <strong>Sa\u00e7 kayna\u011f\u0131<\/strong>nda ilklere\n imzas\u0131n\u0131 atm\u0131\u015ft\u0131r. Asl\u0131nda ke\u015ffedilmi\u015f bir \u015fey yok sadece sahip \noldu\u011fumuz bilgi, tecr\u00fcbe ve yetene\u011fimizi yeniliklerle donatm\u0131\u015f olduk.<\/p>\n\n\n\n<p>O y\u0131ldan sonra her y\u0131l en az 2 kez olmak \u00fczere D\u00fcnyan\u0131n \u00e7e\u015fitli yerlerine giderek yurtd\u0131\u015f\u0131 ortakl\u0131klar\u0131 ve yeni <strong>sa\u00e7 kaynak<\/strong> sistemlerini beraberinde T\u00fcrkiye\u2019ye getirmi\u015ftir.<\/p>\n\n\n\n<p><strong>Sa\u00e7 Kayna\u011f\u0131<\/strong>nda sadece <strong>Sa\u00e7 kaynak<\/strong> yapman\u0131n yeterli olmad\u0131\u011f\u0131n\u0131 yap\u0131lan <strong>sa\u00e7 kayna\u011f\u0131<\/strong>n\u0131n y\u00fcz morfolojisine ve ba\u015f yap\u0131s\u0131na uygun bir \u015fekilde ki\u015fiye \u00f6zel \u00e7al\u0131\u015fma teknikleri geli\u015ftirmi\u015ftir.<\/p>\n\n\n\n<p>Yapm\u0131\u015f oldu\u011fu her sa\u00e7 kayna\u011f\u0131n\u0131n ticari bir \u00e7al\u0131\u015fma olmadan \u00f6te sanatsal bir tema olas\u0131na \u00f6zen g\u00f6stermi\u015ftir.<\/p>\n\n\n\n<p>S\u0131radan <strong>Sa\u00e7 Kaynak<\/strong>lar\u0131 istemeyen Kaliteye ve Esteti\u011fe \u00f6nem Veren ki\u015filere hizmet vermekteyiz.<\/p>\n\n\n\n<p><strong>Sach Sa\u00e7 Kaynak Merkezi<\/strong><\/p>\n\n\n\n<p><strong>Murat KOLUKIRIK<\/strong><\/p>\n","protected":false},"excerpt":{"rendered":"<p>Sach \u00ae&nbsp; Sa\u00e7 Kaynak Merkezi, Kurucusu ve Y\u00f6neticisi Kuaf\u00f6r Murat KOLUKIRIK taraf\u0131ndan 1990 Y\u0131l\u0131n\u0131n Haziran 5 inde Bak\u0131rk\u00f6y Kartaltepe kuruldu. Sa\u00e7 Kaynak hizmetlerinin yan\u0131 s\u0131ra Kuaf\u00f6r hizmetleri. \u0130lk olarak 1996 Y\u0131l\u0131nda Amerika n\u0131n Washington Eyaletinde o y\u0131l yap\u0131lm\u0131\u015f olan&nbsp; Hair Word 96 D\u00fcnya kuaf\u00f6rleri zirvesinde Uzun zamandan<\/p>\n","protected":false},"author":1,"featured_media":0,"parent":0,"menu_order":0,"comment_status":"closed","ping_status":"closed","template":"","meta":{"footnotes":""},"tags":[],"class_list":["post-22","page","type-page","status-publish","hentry"],"aioseo_notices":[],"_links":{"self":[{"href":"http:\/\/www.sackaynak.co\/index.php\/wp-json\/wp\/v2\/pages\/22","targetHints":{"allow":["GET"]}}],"collection":[{"href":"http:\/\/www.sackaynak.co\/index.php\/wp-json\/wp\/v2\/pages"}],"about":[{"href":"http:\/\/www.sackaynak.co\/index.php\/wp-json\/wp\/v2\/types\/page"}],"author":[{"embeddable":true,"href":"http:\/\/www.sackaynak.co\/index.php\/wp-json\/wp\/v2\/users\/1"}],"replies":[{"embeddable":true,"href":"http:\/\/www.sackaynak.co\/index.php\/wp-json\/wp\/v2\/comments?post=22"}],"version-history":[{"count":1,"href":"http:\/\/www.sackaynak.co\/index.php\/wp-json\/wp\/v2\/pages\/22\/revisions"}],"predecessor-version":[{"id":24,"href":"http:\/\/www.sackaynak.co\/index.php\/wp-json\/wp\/v2\/pages\/22\/revisions\/24"}],"wp:attachment":[{"href":"http:\/\/www.sackaynak.co\/index.php\/wp-json\/wp\/v2\/media?parent=22"}],"wp:term":[{"taxonomy":"post_tag","embeddable":true,"href":"http:\/\/www.sackaynak.co\/index.php\/wp-json\/wp\/v2\/tags?post=22"}],"curies":[{"name":"wp","href":"https:\/\/api.w.org\/{rel}","templated":true}]}}